{"id":136,"date":"2026-01-28T17:49:04","date_gmt":"2026-01-28T17:49:04","guid":{"rendered":"https:\/\/deutschesamstagsschule.org\/?page_id=136"},"modified":"2026-03-06T20:42:25","modified_gmt":"2026-03-06T20:42:25","slug":"deutsche-kulturveranstaltungen","status":"publish","type":"page","link":"https:\/\/deutschesamstagsschule.org\/de\/german-cultural-events\/","title":{"rendered":"Deutsche Kulturveranstaltungen"},"content":{"rendered":"<div data-elementor-type=\"wp-page\" data-elementor-id=\"136\" class=\"elementor elementor-136\" data-elementor-post-type=\"page\">\n\t\t\t\t<div class=\"elementor-element elementor-element-1acc33d e-flex e-con-boxed e-con e-parent\" data-id=\"1acc33d\" data-element_type=\"container\" data-e-type=\"container\">\n\t\t\t\t\t<div class=\"e-con-inner\">\n\t\t\t\t<div class=\"elementor-element elementor-element-45d45ab elementor-skin-coverflow elementor-widget elementor-widget-media-carousel\" data-id=\"45d45ab\" data-element_type=\"widget\" data-e-type=\"widget\" data-settings=\"{&quot;skin&quot;:&quot;coverflow&quot;,&quot;slides_to_scroll&quot;:&quot;1&quot;,&quot;autoplay_speed&quot;:2000,&quot;speed&quot;:500,&quot;autoplay&quot;:&quot;yes&quot;,&quot;loop&quot;:&quot;yes&quot;,&quot;pause_on_hover&quot;:&quot;yes&quot;,&quot;pause_on_interaction&quot;:&quot;yes&quot;,&quot;space_between&quot;:{&quot;unit&quot;:&quot;px&quot;,&quot;size&quot;:10,&quot;sizes&quot;:[]},&quot;space_between_tablet&quot;:{&quot;unit&quot;:&quot;px&quot;,&quot;size&quot;:10,&quot;sizes&quot;:[]},&quot;space_between_mobile&quot;:{&quot;unit&quot;:&quot;px&quot;,&quot;size&quot;:10,&quot;sizes&quot;:[]}}\" data-widget_type=\"media-carousel.default\">\n\t\t\t\t\t\t\t\t\t\t<div class=\"elementor-main-swiper swiper\" role=\"region\" aria-roledescription=\"carousel\" aria-label=\"Kulturelle Veranstaltungen\">\n\t\t\t\t<div class=\"swiper-wrapper\">\n\t\t\t\t\t\t\t\t\t\t\t<div class=\"swiper-slide\" role=\"group\" aria-roledescription=\"slide\">\n\t\t\t\t\t\t\t\t\t<div class=\"elementor-carousel-image\" role=\"img\" aria-label=\"Traditionelles deutsches Essen: eine weiche Brezel, eine wei\u00dfe Wei\u00dfwurst mit Senf und eine in Brezelteig eingewickelte Wurst auf Papier.\" style=\"background-image: url(&#039;https:\/\/deutschesamstagsschule.org\/wp-content\/uploads\/2026\/01\/Slideshow-8.jpg&#039;)\">\n\n\t\t\t\n\t\t\t\t\t<\/div>\n\t\t\t\t\t\t\t\t<\/div>\n\t\t\t\t\t\t\t\t\t\t\t<div class=\"swiper-slide\" role=\"group\" aria-roledescription=\"slide\">\n\t\t\t\t\t\t\t\t\t<div class=\"elementor-carousel-image\" role=\"img\" aria-label=\"Kinder in Lederhosen warten an einem bayerisch dekorierten Esstisch, w\u00e4hrend Freiwillige auf dem Oktoberfest frische Brezeln servieren.\" style=\"background-image: url(&#039;https:\/\/deutschesamstagsschule.org\/wp-content\/uploads\/2026\/01\/VOLUNTEER-1.jpg&#039;)\">\n\n\t\t\t\n\t\t\t\t\t<\/div>\n\t\t\t\t\t\t\t\t<\/div>\n\t\t\t\t\t\t\t\t\t\t\t<div class=\"swiper-slide\" role=\"group\" aria-roledescription=\"slide\">\n\t\t\t\t\t\t\t\t\t<div class=\"elementor-carousel-image\" role=\"img\" aria-label=\"Kinder stehen hinter einem Tisch, auf dem sie ihre verzierten Lebkuchenh\u00e4user auf einem deutschen Weihnachtsmarkt pr\u00e4sentieren.\" style=\"background-image: url(&#039;https:\/\/deutschesamstagsschule.org\/wp-content\/uploads\/2026\/01\/Slideshow-9.jpg&#039;)\">\n\n\t\t\t\n\t\t\t\t\t<\/div>\n\t\t\t\t\t\t\t\t<\/div>\n\t\t\t\t\t\t\t\t\t\t\t<div class=\"swiper-slide\" role=\"group\" aria-roledescription=\"slide\">\n\t\t\t\t\t\t\t\t\t<div class=\"elementor-carousel-image\" role=\"img\" aria-label=\"Kinder in Dirndln und Lederhosen halten sich an den H\u00e4nden und tanzen in einer Reihe bei einer Oktoberfestfeier, w\u00e4hrend Familien zuschauen.\" style=\"background-image: url(&#039;https:\/\/deutschesamstagsschule.org\/wp-content\/uploads\/2026\/01\/Slideshow-11.jpg&#039;)\">\n\n\t\t\t\n\t\t\t\t\t<\/div>\n\t\t\t\t\t\t\t\t<\/div>\n\t\t\t\t\t\t\t\t\t\t\t<div class=\"swiper-slide\" role=\"group\" aria-roledescription=\"slide\">\n\t\t\t\t\t\t\t\t\t<div class=\"elementor-carousel-image\" role=\"img\" aria-label=\"8 junge Kinder, alle mit dem R\u00fccken zur Kamera, betrachten Informationen auf aufgeklebtem Plakatkarton. Ein Erwachsener in einem burgunderroten Kleid erkl\u00e4rt ihnen etwas. Alle W\u00f6rter sind auf Deutsch. Es scheint 3 verschiedene Stationen zu geben, an denen diese Plakatkarton-Informationsst\u00fccke vorhanden sind.\" style=\"background-image: url(&#039;https:\/\/deutschesamstagsschule.org\/wp-content\/uploads\/2026\/01\/childrenclass-1.jpg&#039;)\">\n\n\t\t\t\n\t\t\t\t\t<\/div>\n\t\t\t\t\t\t\t\t<\/div>\n\t\t\t\t\t\t\t\t\t\t\t<div class=\"swiper-slide\" role=\"group\" aria-roledescription=\"slide\">\n\t\t\t\t\t\t\t\t\t<div class=\"elementor-carousel-image\" role=\"img\" aria-label=\"Vier kleine M\u00e4dchen stehen um einen Tisch, der mit sehr bunt verzierten Lebkuchenh\u00e4usern mit Nummern bedeckt ist. Sie scheinen ihre Stimme f\u00fcr das am besten dekorierte Haus aufzuschreiben. Im Hintergrund steht ein zweiter Tisch, der ebenfalls mit verzierten Lebkuchenh\u00e4usern bedeckt ist.\" style=\"background-image: url(&#039;https:\/\/deutschesamstagsschule.org\/wp-content\/uploads\/2026\/02\/CE-2.jpg&#039;)\">\n\n\t\t\t\n\t\t\t\t\t<\/div>\n\t\t\t\t\t\t\t\t<\/div>\n\t\t\t\t\t\t\t\t\t\t\t<div class=\"swiper-slide\" role=\"group\" aria-roledescription=\"slide\">\n\t\t\t\t\t\t\t\t\t<div class=\"elementor-carousel-image\" role=\"img\" aria-label=\"Eine Menge Kinder tanzt in der Sporthalle der Schule, sie tragen viele rote H\u00fcte, Masken und Umh\u00e4nge. Einige tragen bunte Clownper\u00fccken, rote Vichy-Kleider und rote Clownnasen. Eine erwachsene Person in rosa Strumpfhose und Oberteil, mit einem bunten Rock, Handschuhen und langhaariger Per\u00fccke mit wei\u00df-rosa Blumen, dazu Doc-Martens-Stiefel.\" style=\"background-image: url(&#039;https:\/\/deutschesamstagsschule.org\/wp-content\/uploads\/2026\/02\/CE-13.jpg&#039;)\">\n\n\t\t\t\n\t\t\t\t\t<\/div>\n\t\t\t\t\t\t\t\t<\/div>\n\t\t\t\t\t\t\t\t\t\t\t<div class=\"swiper-slide\" role=\"group\" aria-roledescription=\"slide\">\n\t\t\t\t\t\t\t\t\t<div class=\"elementor-carousel-image\" role=\"img\" aria-label=\"5 Studenten in Kost\u00fcmen treten auf einem kleinen Podest auf. Einer der Studenten spielt Geige. An der R\u00fcckseite der B\u00fchne h\u00e4ngt ein Schild mit der Aufschrift &quot;Zum erfrischenden Trunk&quot;.\" style=\"background-image: url(&#039;https:\/\/deutschesamstagsschule.org\/wp-content\/uploads\/2026\/02\/CE-15.jpg&#039;)\">\n\n\t\t\t\n\t\t\t\t\t<\/div>\n\t\t\t\t\t\t\t\t<\/div>\n\t\t\t\t\t\t\t\t\t\t\t<div class=\"swiper-slide\" role=\"group\" aria-roledescription=\"slide\">\n\t\t\t\t\t\t\t\t\t<div class=\"elementor-carousel-image\" role=\"img\" aria-label=\"Eine Gruppe von Kindern sitzt im Schneidersitz auf dem Boden. Sie tragen herzf\u00f6rmige Namensschilder um den Hals und die vorderen drei Jungen tragen Tiroler H\u00fcte.\" style=\"background-image: url(&#039;https:\/\/deutschesamstagsschule.org\/wp-content\/uploads\/2026\/02\/CE-7.jpg&#039;)\">\n\n\t\t\t\n\t\t\t\t\t<\/div>\n\t\t\t\t\t\t\t\t<\/div>\n\t\t\t\t\t\t\t\t\t\t\t<div class=\"swiper-slide\" role=\"group\" aria-roledescription=\"slide\">\n\t\t\t\t\t\t\t\t\t<div class=\"elementor-carousel-image\" role=\"img\" aria-label=\"Gl\u00fccklicher, wei\u00dfer Mann, der unter einem Zelt auf einem Hocker sitzt und ein Akkordeon spielt. Er tr\u00e4gt seine Lederhose und seinen Tirolerhut mit einer Vielzahl von Anstecknadeln. Er hat ein Mikrofon und ein Banner, das \u00fcber einem Notenst\u00e4nder drapiert ist und eine traditionelle bayerische Szene zeigt.\" style=\"background-image: url(&#039;https:\/\/deutschesamstagsschule.org\/wp-content\/uploads\/2026\/02\/CE-8.jpg&#039;)\">\n\n\t\t\t\n\t\t\t\t\t<\/div>\n\t\t\t\t\t\t\t\t<\/div>\n\t\t\t\t\t\t\t\t\t\t\t<div class=\"swiper-slide\" role=\"group\" aria-roledescription=\"slide\">\n\t\t\t\t\t\t\t\t\t<div class=\"elementor-carousel-image\" role=\"img\" aria-label=\"3 m\u00e4nnliche erwachsene Freiwillige dr\u00e4ngen sich um einen Blackstone-Grill. Einer br\u00e4t W\u00fcrstchen, einer h\u00e4lt eine Backform voller gegrillter W\u00fcrstchen und der andere h\u00e4lt einen roten Solor-Becher in der Hand, schaut zu und l\u00e4chelt.\" style=\"background-image: url(&#039;https:\/\/deutschesamstagsschule.org\/wp-content\/uploads\/2026\/02\/CE-9.jpg&#039;)\">\n\n\t\t\t\n\t\t\t\t\t<\/div>\n\t\t\t\t\t\t\t\t<\/div>\n\t\t\t\t\t\t\t\t\t\t\t<div class=\"swiper-slide\" role=\"group\" aria-roledescription=\"slide\">\n\t\t\t\t\t\t\t\t\t<div class=\"elementor-carousel-image\" role=\"img\" aria-label=\"Ehrentagsfeier. In einem blauen Zelt stehen verschiedene h\u00f6lzerne Weihnachtsdekorationen auf einem Tisch mit rotem Tischtuch. Zwei Frauen sitzen hinter dem Tisch. .\" style=\"background-image: url(&#039;https:\/\/deutschesamstagsschule.org\/wp-content\/uploads\/2026\/02\/CE-14.jpg&#039;)\">\n\n\t\t\t\n\t\t\t\t\t<\/div>\n\t\t\t\t\t\t\t\t<\/div>\n\t\t\t\t\t\t\t\t\t\t\t<div class=\"swiper-slide\" role=\"group\" aria-roledescription=\"slide\">\n\t\t\t\t\t\t\t\t\t<div class=\"elementor-carousel-image\" role=\"img\" aria-label=\"Laternenfest-Veranstaltung in der Sporthalle der Schule. 9 Kinder und 1 Erwachsener stehen vor einer Pappschloss-Nachbildung und halten ihre selbstgebastelten, beleuchteten Laternen in die Luft.\" style=\"background-image: url(&#039;https:\/\/deutschesamstagsschule.org\/wp-content\/uploads\/2026\/02\/CE-4.jpg&#039;)\">\n\n\t\t\t\n\t\t\t\t\t<\/div>\n\t\t\t\t\t\t\t\t<\/div>\n\t\t\t\t\t\t\t\t\t\t\t<div class=\"swiper-slide\" role=\"group\" aria-roledescription=\"slide\">\n\t\t\t\t\t\t\t\t\t<div class=\"elementor-carousel-image\" role=\"img\" aria-label=\"Deutsche Kulturveranstaltung. 5 Kinder stehen um eine schwarze Pinnwand aus Foamcore, an der alte Schwarz-Wei\u00df-Fotos von Deutschland geklebt sind. Eine erwachsene Person in einem schwarzen Oberteil und einer roten Hose schaut sich ebenfalls die Bilder an.\" style=\"background-image: url(&#039;https:\/\/deutschesamstagsschule.org\/wp-content\/uploads\/2026\/02\/CE10.jpg&#039;)\">\n\n\t\t\t\n\t\t\t\t\t<\/div>\n\t\t\t\t\t\t\t\t<\/div>\n\t\t\t\t\t\t\t\t\t<\/div>\n\t\t\t\t\t\t\t\t\t\t\t\t\t\t\t\t\t\t\t\t\t<\/div>\n\t\t\t\t\t\t\t\t<\/div>\n\t\t\t\t<div class=\"elementor-element elementor-element-5c650cf elementor-widget elementor-widget-text-editor\" data-id=\"5c650cf\" data-element_type=\"widget\" data-e-type=\"widget\" data-widget_type=\"text-editor.default\">\n\t\t\t\t\t\t\t\t\t<h3 style=\"text-align: center;\">Unser Schwerpunkt \u2013 Sprache und lebendige Kultur<\/h3><p style=\"text-align: center;\">An der\u00a0<strong>Deutsche Samstagsschule Houston<\/strong>, unsere Sch\u00fcler lernen nicht nur Deutsch \u2013 sie <em>Erfahrung<\/em>\u00a0es.<\/p><p style=\"text-align: center;\">Sie treten in Geschichten, Traditionen und Werte ein, die jede Feier im Laufe des Schuljahres bedeutungsvoll und unvergesslich machen. Sprache wird lebendig, wenn sie gesprochen, gesungen, nachgespielt und gemeinsam gefeiert wird.<\/p><h3 style=\"text-align: left;\">H\u00f6hepunkte unseres Schuljahres<\/h3><ul><li style=\"text-align: left;\">Im Laufe des Jahres verwandelt sich unsere Schule in einen Ort der Musik, des Lachens, des Handwerks, des Essens und der<br \/>Leistung<\/li><li style=\"text-align: left;\">Weihnachtsfeier mit Markt \u2013 Inspiriert von der Magie des traditionellen deutschen<br \/>Weihnachtsm\u00e4rkte<\/li><li style=\"text-align: left;\">Tag der Deutschen Einheit \u2013 Feier der Wiedervereinigung Deutschlands und der<\/li><li style=\"text-align: left;\">Werte der Freiheit und der Einheit<\/li><li style=\"text-align: left;\">Oktoberfest \u2013 Mit Musik, Traditionen und festlicher Stimmung<\/li><li style=\"text-align: left;\">Martinstag (Laternenfest) \u2013 Ein Laternenumzug, der das Teilen und<br \/>G\u00fcte<\/li><li style=\"text-align: left;\">Fasching \u2013 Deutschlands farbenfrohe Karnevalszeit voller Kost\u00fcme und Spa\u00df<\/li><li style=\"text-align: left;\">Ostern \u2013 Mit geliebten Traditionen und Fr\u00fchlingsfreude<\/li><li style=\"text-align: left;\">Maifest \u2013 Fr\u00fchlingsanfang auf echte deutsche Art feiern<\/li><\/ul><p>\u00a0<\/p><p>Die Sch\u00fcler erwecken diese Themen durch Darbietungen auf Deutsch zum Leben \u2013 durch Schauspiel, Gesang, Pr\u00e4sentationen und Geschichtenerz\u00e4hlen. F\u00fcr die Familien ist es ein stolzer Moment, zu sehen, wie selbstbewusst ihre Kinder die deutsche Sprache auf der B\u00fchne anwenden.<\/p>\t\t\t\t\t\t\t\t<\/div>\n\t\t\t\t\t<\/div>\n\t\t\t\t<\/div>\n\t\t\t\t<\/div>","protected":false},"excerpt":{"rendered":"<p>Our Emphasis \u2013 Language\u00a0and\u00a0Living Culture At the\u00a0German Saturday School Houston, our students don\u2019t just learn German &#8211; they experience\u00a0it. They step into stories, traditions, and values that make each celebration during the school year meaningful and memorable. Language comes alive when it is spoken, sung, acted out, and celebrated together. Highlights of Our School Year [&hellip;]<\/p>\n","protected":false},"author":3,"featured_media":0,"parent":0,"menu_order":0,"comment_status":"closed","ping_status":"closed","template":"","meta":{"footnotes":""},"class_list":["post-136","page","type-page","status-publish","hentry"],"_links":{"self":[{"href":"https:\/\/deutschesamstagsschule.org\/de\/wp-json\/wp\/v2\/pages\/136","targetHints":{"allow":["GET"]}}],"collection":[{"href":"https:\/\/deutschesamstagsschule.org\/de\/wp-json\/wp\/v2\/pages"}],"about":[{"href":"https:\/\/deutschesamstagsschule.org\/de\/wp-json\/wp\/v2\/types\/page"}],"author":[{"embeddable":true,"href":"https:\/\/deutschesamstagsschule.org\/de\/wp-json\/wp\/v2\/users\/3"}],"replies":[{"embeddable":true,"href":"https:\/\/deutschesamstagsschule.org\/de\/wp-json\/wp\/v2\/comments?post=136"}],"version-history":[{"count":75,"href":"https:\/\/deutschesamstagsschule.org\/de\/wp-json\/wp\/v2\/pages\/136\/revisions"}],"predecessor-version":[{"id":2113,"href":"https:\/\/deutschesamstagsschule.org\/de\/wp-json\/wp\/v2\/pages\/136\/revisions\/2113"}],"wp:attachment":[{"href":"https:\/\/deutschesamstagsschule.org\/de\/wp-json\/wp\/v2\/media?parent=136"}],"curies":[{"name":"wp","href":"https:\/\/api.w.org\/{rel}","templated":true}]}}